{"id":75,"date":"2025-11-04T16:11:32","date_gmt":"2025-11-04T15:11:32","guid":{"rendered":"https:\/\/cercleaveniretprogres.org\/?page_id=75"},"modified":"2026-03-15T14:03:39","modified_gmt":"2026-03-15T13:03:39","slug":"agenda-actualites","status":"publish","type":"page","link":"https:\/\/cercleaveniretprogres.org\/?page_id=75","title":{"rendered":"Actualit\u00e9s"},"content":{"rendered":"\t\t<div data-elementor-type=\"wp-page\" data-elementor-id=\"75\" class=\"elementor elementor-75\" data-elementor-post-type=\"page\">\n\t\t\t\t<div class=\"elementor-element elementor-element-97aec2d e-flex e-con-boxed e-con e-parent\" data-id=\"97aec2d\" data-element_type=\"container\" data-e-type=\"container\" data-settings=\"{&quot;background_background&quot;:&quot;classic&quot;}\">\n\t\t\t\t\t<div class=\"e-con-inner\">\n\t\t\t\t<div class=\"elementor-element elementor-element-5954517 elementor-widget elementor-widget-heading\" data-id=\"5954517\" data-element_type=\"widget\" data-e-type=\"widget\" data-widget_type=\"heading.default\">\n\t\t\t\t\t<h2 class=\"elementor-heading-title elementor-size-default\">Cercle Avenir &amp; Progr\u00e8s<\/h2>\t\t\t\t<\/div>\n\t\t\t\t<div class=\"elementor-element elementor-element-1f90451 elementor-widget elementor-widget-heading\" data-id=\"1f90451\" data-element_type=\"widget\" data-e-type=\"widget\" data-widget_type=\"heading.default\">\n\t\t\t\t\t<h2 class=\"elementor-heading-title elementor-size-default\">RELIER LA PENS\u00c9E \u00c0 L'ACTION\u200b<\/h2>\t\t\t\t<\/div>\n\t\t\t\t<div class=\"elementor-element elementor-element-298c3fc elementor-widget elementor-widget-text-editor\" data-id=\"298c3fc\" data-element_type=\"widget\" data-e-type=\"widget\" data-widget_type=\"text-editor.default\">\n\t\t\t\t\t\t\t\t\t<p><span style=\"font-weight: 400;\">Think tank citoyen, humaniste et ind\u00e9pendant, CAP agit toute l\u2019ann\u00e9e \u00e0 travers\u00a0des <\/span><b>conf\u00e9rences, des d\u00e9bats, des publications et des podcasts<\/b><span style=\"font-weight: 400;\">, pour transformer la r\u00e9flexion collective en action concr\u00e8te.<\/span><\/p>\t\t\t\t\t\t\t\t<\/div>\n\t\t\t\t\t<\/div>\n\t\t\t\t<\/div>\n\t\t<div class=\"elementor-element elementor-element-41a2fdd e-flex e-con-boxed e-con e-child\" data-id=\"41a2fdd\" data-element_type=\"container\" data-e-type=\"container\">\n\t\t\t\t\t<div class=\"e-con-inner\">\n\t\t<div class=\"elementor-element elementor-element-8db2143 e-con-full e-flex e-con e-child\" data-id=\"8db2143\" data-element_type=\"container\" data-e-type=\"container\" data-settings=\"{&quot;background_background&quot;:&quot;classic&quot;}\">\n\t\t\t\t<div class=\"elementor-element elementor-element-83ca11b elementor-widget elementor-widget-heading\" data-id=\"83ca11b\" data-element_type=\"widget\" data-e-type=\"widget\" data-widget_type=\"heading.default\">\n\t\t\t\t\t<h2 class=\"elementor-heading-title elementor-size-default\">\u00c9v\u00e8nement phare<\/h2>\t\t\t\t<\/div>\n\t\t\t\t<div class=\"elementor-element elementor-element-1f73dfb elementor-widget elementor-widget-heading\" data-id=\"1f73dfb\" data-element_type=\"widget\" data-e-type=\"widget\" data-widget_type=\"heading.default\">\n\t\t\t\t\t<h2 class=\"elementor-heading-title elementor-size-default\">Quand la pens\u00e9e devient parole\n<\/h2>\t\t\t\t<\/div>\n\t\t\t\t<div class=\"elementor-element elementor-element-968e7e1 elementor-widget elementor-widget-text-editor\" data-id=\"968e7e1\" data-element_type=\"widget\" data-e-type=\"widget\" data-widget_type=\"text-editor.default\">\n\t\t\t\t\t\t\t\t\t<p><span style=\"font-weight: 400;\">Le podcast de CAP donne la parole \u00e0 des\u00a0<\/span><b>acteurs du changement<\/b><span style=\"font-weight: 400;\">\u00a0&#8211; chercheurs, artistes, \u00e9conomistes, \u00e9lus, enseignants et citoyens engag\u00e9s.<\/span><\/p><p><span style=\"font-weight: 400;\">Chaque \u00e9pisode explore un\u00a0<\/span><b>sujet cl\u00e9<\/b><span style=\"font-weight: 400;\">, avec une tonalit\u00e9\u00a0<\/span><b>libre et accessible<\/b><span style=\"font-weight: 400;\">, au croisement de la\u00a0<\/span><b>recherche<\/b><span style=\"font-weight: 400;\">\u00a0et de\u00a0<\/span><b>l\u2019action<\/b><span style=\"font-weight: 400;\">.<\/span><\/p>\t\t\t\t\t\t\t\t<\/div>\n\t\t\t\t<div class=\"elementor-element elementor-element-1fca048 elementor-widget__width-auto elementor-widget elementor-widget-button\" data-id=\"1fca048\" data-element_type=\"widget\" data-e-type=\"widget\" data-widget_type=\"button.default\">\n\t\t\t\t\t\t\t\t\t\t<a class=\"elementor-button elementor-button-link elementor-size-sm\" href=\"https:\/\/cercleaveniretprogres.org\/?page_id=68\">\n\t\t\t\t\t\t<span class=\"elementor-button-content-wrapper\">\n\t\t\t\t\t\t\t\t\t<span class=\"elementor-button-text\">\u00c9couter<\/span>\n\t\t\t\t\t<\/span>\n\t\t\t\t\t<\/a>\n\t\t\t\t\t\t\t\t<\/div>\n\t\t\t\t<\/div>\n\t\t\t\t\t<\/div>\n\t\t\t\t<\/div>\n\t\t<div class=\"elementor-element elementor-element-6884e8c e-flex e-con-boxed e-con e-parent\" data-id=\"6884e8c\" data-element_type=\"container\" data-e-type=\"container\">\n\t\t\t\t\t<div class=\"e-con-inner\">\n\t\t<div class=\"elementor-element elementor-element-1d7fa99 e-con-full e-flex e-con e-child\" data-id=\"1d7fa99\" data-element_type=\"container\" data-e-type=\"container\" data-settings=\"{&quot;background_background&quot;:&quot;classic&quot;}\">\n\t\t\t\t<div class=\"elementor-element elementor-element-eb9dba9 elementor-widget elementor-widget-image\" data-id=\"eb9dba9\" data-element_type=\"widget\" data-e-type=\"widget\" data-widget_type=\"image.default\">\n\t\t\t\t\t\t\t\t\t\t\t\t\t\t\t<img fetchpriority=\"high\" decoding=\"async\" width=\"800\" height=\"999\" src=\"https:\/\/cercleaveniretprogres.org\/wp-content\/uploads\/2026\/03\/Capture-de\u0301cran-2026-03-15-a\u0300-13.47.21-820x1024.png\" class=\"attachment-large size-large wp-image-1234\" alt=\"\" srcset=\"https:\/\/cercleaveniretprogres.org\/wp-content\/uploads\/2026\/03\/Capture-de\u0301cran-2026-03-15-a\u0300-13.47.21-820x1024.png 820w, https:\/\/cercleaveniretprogres.org\/wp-content\/uploads\/2026\/03\/Capture-de\u0301cran-2026-03-15-a\u0300-13.47.21-240x300.png 240w, https:\/\/cercleaveniretprogres.org\/wp-content\/uploads\/2026\/03\/Capture-de\u0301cran-2026-03-15-a\u0300-13.47.21-768x959.png 768w, https:\/\/cercleaveniretprogres.org\/wp-content\/uploads\/2026\/03\/Capture-de\u0301cran-2026-03-15-a\u0300-13.47.21-1230x1536.png 1230w, https:\/\/cercleaveniretprogres.org\/wp-content\/uploads\/2026\/03\/Capture-de\u0301cran-2026-03-15-a\u0300-13.47.21-1640x2048.png 1640w, https:\/\/cercleaveniretprogres.org\/wp-content\/uploads\/2026\/03\/Capture-de\u0301cran-2026-03-15-a\u0300-13.47.21.png 1834w\" sizes=\"(max-width: 800px) 100vw, 800px\" \/>\t\t\t\t\t\t\t\t\t\t\t\t\t\t\t<\/div>\n\t\t<div class=\"elementor-element elementor-element-74fc6ee e-con-full e-flex e-con e-child\" data-id=\"74fc6ee\" data-element_type=\"container\" data-e-type=\"container\">\n\t\t<div class=\"elementor-element elementor-element-68c92a2 e-con-full e-flex e-con e-child\" data-id=\"68c92a2\" data-element_type=\"container\" data-e-type=\"container\">\n\t\t<div class=\"elementor-element elementor-element-c7ffe14 e-con-full e-flex e-con e-child\" data-id=\"c7ffe14\" data-element_type=\"container\" data-e-type=\"container\">\n\t\t\t\t<div class=\"elementor-element elementor-element-9dc6526 elementor-view-default elementor-widget elementor-widget-icon\" data-id=\"9dc6526\" data-element_type=\"widget\" data-e-type=\"widget\" data-widget_type=\"icon.default\">\n\t\t\t\t\t\t\t<div class=\"elementor-icon-wrapper\">\n\t\t\t<div class=\"elementor-icon\">\n\t\t\t<svg aria-hidden=\"true\" class=\"e-font-icon-svg e-far-calendar-alt\" viewBox=\"0 0 448 512\" xmlns=\"http:\/\/www.w3.org\/2000\/svg\"><path d=\"M148 288h-40c-6.6 0-12-5.4-12-12v-40c0-6.6 5.4-12 12-12h40c6.6 0 12 5.4 12 12v40c0 6.6-5.4 12-12 12zm108-12v-40c0-6.6-5.4-12-12-12h-40c-6.6 0-12 5.4-12 12v40c0 6.6 5.4 12 12 12h40c6.6 0 12-5.4 12-12zm96 0v-40c0-6.6-5.4-12-12-12h-40c-6.6 0-12 5.4-12 12v40c0 6.6 5.4 12 12 12h40c6.6 0 12-5.4 12-12zm-96 96v-40c0-6.6-5.4-12-12-12h-40c-6.6 0-12 5.4-12 12v40c0 6.6 5.4 12 12 12h40c6.6 0 12-5.4 12-12zm-96 0v-40c0-6.6-5.4-12-12-12h-40c-6.6 0-12 5.4-12 12v40c0 6.6 5.4 12 12 12h40c6.6 0 12-5.4 12-12zm192 0v-40c0-6.6-5.4-12-12-12h-40c-6.6 0-12 5.4-12 12v40c0 6.6 5.4 12 12 12h40c6.6 0 12-5.4 12-12zm96-260v352c0 26.5-21.5 48-48 48H48c-26.5 0-48-21.5-48-48V112c0-26.5 21.5-48 48-48h48V12c0-6.6 5.4-12 12-12h40c6.6 0 12 5.4 12 12v52h128V12c0-6.6 5.4-12 12-12h40c6.6 0 12 5.4 12 12v52h48c26.5 0 48 21.5 48 48zm-48 346V160H48v298c0 3.3 2.7 6 6 6h340c3.3 0 6-2.7 6-6z\"><\/path><\/svg>\t\t\t<\/div>\n\t\t<\/div>\n\t\t\t\t\t\t<\/div>\n\t\t\t\t<\/div>\n\t\t<div class=\"elementor-element elementor-element-883bd03 e-con-full e-flex e-con e-child\" data-id=\"883bd03\" data-element_type=\"container\" data-e-type=\"container\">\n\t\t\t\t<div class=\"elementor-element elementor-element-831b8e1 elementor-widget elementor-widget-heading\" data-id=\"831b8e1\" data-element_type=\"widget\" data-e-type=\"widget\" data-widget_type=\"heading.default\">\n\t\t\t\t\t<h2 class=\"elementor-heading-title elementor-size-default\">LE PACTE SOCIAL R\u00c9PUBLICAIN : Fondements, d\u00e9fis et avenir ?<\/h2>\t\t\t\t<\/div>\n\t\t\t\t<div class=\"elementor-element elementor-element-5c285c7 elementor-widget elementor-widget-heading\" data-id=\"5c285c7\" data-element_type=\"widget\" data-e-type=\"widget\" data-widget_type=\"heading.default\">\n\t\t\t\t\t<h2 class=\"elementor-heading-title elementor-size-default\">\ud83d\udcc5 Lundi 30 mars 2026 \u00e0 19h00<\/h2>\t\t\t\t<\/div>\n\t\t\t\t<\/div>\n\t\t\t\t<\/div>\n\t\t\t\t<div class=\"elementor-element elementor-element-dcfe842 elementor-widget elementor-widget-text-editor\" data-id=\"dcfe842\" data-element_type=\"widget\" data-e-type=\"widget\" data-widget_type=\"text-editor.default\">\n\t\t\t\t\t\t\t\t\t<p><span style=\"font-weight: 400;\">\ud83d\udccd<\/span><span style=\"font-weight: 400;\"><strong> Mairie du 9\u00e8me arrondissement<\/strong> \u2014 6 rue Drouot, 75009 Paris<br \/><\/span><span style=\"font-weight: 400;\"><br \/><\/span><span style=\"font-weight: 400;\">\ud83d\udc64<\/span><span style=\"font-weight: 400;\">\u00a0<strong>Invit\u00e9s :\u00a0<\/strong><\/span><\/p><p class=\"cvGsUA direction-ltr align-start para-style-body\"><span class=\"a_GcMg font-feature-liga-off font-feature-clig-off font-feature-calt-off text-decoration-none text-strikethrough-none\">\u2022 Jeannette BOUGRAB<\/span><span class=\"a_GcMg font-feature-liga-off font-feature-clig-off font-feature-calt-off text-decoration-none text-strikethrough-none\">, ancienne ministre, ma\u00eetre des requ\u00eates au Conseil d\u2019\u00c9tat<\/span><\/p><p class=\"cvGsUA direction-ltr align-start para-style-body\"><span class=\"a_GcMg font-feature-liga-off font-feature-clig-off font-feature-calt-off text-decoration-none text-strikethrough-none\">\u2022 <\/span><span class=\"a_GcMg font-feature-liga-off font-feature-clig-off font-feature-calt-off text-decoration-none text-strikethrough-none\">Marie-Laure BROSSIER<\/span><span class=\"a_GcMg font-feature-liga-off font-feature-clig-off font-feature-calt-off text-decoration-none text-strikethrough-none\">, Comit\u00e9 La\u00efcit\u00e9 R\u00e9publique, Collectif 7 octobre<\/span><\/p><p class=\"cvGsUA direction-ltr align-start para-style-body\"><span class=\"a_GcMg font-feature-liga-off font-feature-clig-off font-feature-calt-off text-decoration-none text-strikethrough-none\">\u2022 <\/span><span class=\"a_GcMg font-feature-liga-off font-feature-clig-off font-feature-calt-off text-decoration-none text-strikethrough-none\">Benjamin MOREL<\/span><span class=\"a_GcMg font-feature-liga-off font-feature-clig-off font-feature-calt-off text-decoration-none text-strikethrough-none\">, constitutionnaliste, ma\u00eetre de conf\u00e9rences \u00e0 l\u2019Universit\u00e9 Paris Panth\u00e9on-Assas<\/span><\/p><p class=\"cvGsUA direction-ltr align-start para-style-body\"><span class=\"a_GcMg font-feature-liga-off font-feature-clig-off font-feature-calt-off text-decoration-none text-strikethrough-none\">\u2022 <\/span><span class=\"a_GcMg font-feature-liga-off font-feature-clig-off font-feature-calt-off text-decoration-none text-strikethrough-none\">Guillaume TRICHARD<\/span><span class=\"a_GcMg font-feature-liga-off font-feature-clig-off font-feature-calt-off text-decoration-none text-strikethrough-none\">, ancien Grand Ma\u00eetre du Grand Orient de France<\/span><\/p><p><span style=\"font-weight: 400;\">\ud83d\udcac<\/span><span style=\"font-weight: 400;\">\u00a0D\u00e9bat anim\u00e9 par Jean-Luc Scemama, Pr\u00e9sident du CAP.<\/span><\/p>\t\t\t\t\t\t\t\t<\/div>\n\t\t\t\t<div class=\"elementor-element elementor-element-be7d0ed elementor-widget__width-auto elementor-widget elementor-widget-button\" data-id=\"be7d0ed\" data-element_type=\"widget\" data-e-type=\"widget\" data-widget_type=\"button.default\">\n\t\t\t\t\t\t\t\t\t\t<a class=\"elementor-button elementor-button-link elementor-size-sm\" href=\"https:\/\/www.weezevent.com\/widget_billeterie.php?id_evenement=1771619&#038;widget_key=E1771619&#038;locale=fr_FR&#038;color_primary=0032FA&#038;code=30725&#038;o=qr-code\">\n\t\t\t\t\t\t<span class=\"elementor-button-content-wrapper\">\n\t\t\t\t\t\t\t\t\t<span class=\"elementor-button-text\">Je m'inscris<\/span>\n\t\t\t\t\t<\/span>\n\t\t\t\t\t<\/a>\n\t\t\t\t\t\t\t\t<\/div>\n\t\t\t\t<\/div>\n\t\t\t\t<\/div>\n\t\t\t\t\t<\/div>\n\t\t\t\t<\/div>\n\t\t<div class=\"elementor-element elementor-element-edc91cc e-flex e-con-boxed e-con e-parent\" data-id=\"edc91cc\" data-element_type=\"container\" data-e-type=\"container\">\n\t\t\t\t\t<div class=\"e-con-inner\">\n\t\t<div class=\"elementor-element elementor-element-9f96895 e-con-full e-flex e-con e-child\" data-id=\"9f96895\" data-element_type=\"container\" data-e-type=\"container\">\n\t\t<div class=\"elementor-element elementor-element-e562d35 e-con-full e-flex e-con e-child\" data-id=\"e562d35\" data-element_type=\"container\" data-e-type=\"container\" data-settings=\"{&quot;background_background&quot;:&quot;classic&quot;}\">\n\t\t<div class=\"elementor-element elementor-element-f4f9306 e-con-full e-flex e-con e-child\" data-id=\"f4f9306\" data-element_type=\"container\" data-e-type=\"container\">\n\t\t\t\t<div class=\"elementor-element elementor-element-0393722 elementor-widget elementor-widget-heading\" data-id=\"0393722\" data-element_type=\"widget\" data-e-type=\"widget\" data-widget_type=\"heading.default\">\n\t\t\t\t\t<h2 class=\"elementor-heading-title elementor-size-default\">La newsletter CAP<\/h2>\t\t\t\t<\/div>\n\t\t\t\t<div class=\"elementor-element elementor-element-f7e1b60 elementor-widget elementor-widget-text-editor\" data-id=\"f7e1b60\" data-element_type=\"widget\" data-e-type=\"widget\" data-widget_type=\"text-editor.default\">\n\t\t\t\t\t\t\t\t\t<p><span style=\"font-weight: 400;\">S\u2019informer, c\u2019est d\u00e9j\u00e0 participer.<\/span><\/p><p><span style=\"font-weight: 400;\">Un rendez-vous r\u00e9gulier pour suivre nos\u00a0<\/span><b>travaux<\/b><span style=\"font-weight: 400;\">, nos\u00a0<\/span><b>rencontres<\/b><span style=\"font-weight: 400;\">\u00a0et les\u00a0<\/span><b>coulisses de nos groupes de travail<\/b><span style=\"font-weight: 400;\">.<\/span><\/p><p><span style=\"font-weight: 400;\">En vous inscrivant, vous acceptez nos\u00a0<\/span><b>Conditions d\u2019utilisation du site<\/b><\/p>\t\t\t\t\t\t\t\t<\/div>\n\t\t\t\t<div class=\"elementor-element elementor-element-ba76969 elementor-mobile-button-align-stretch elementor-button-align-stretch elementor-widget elementor-widget-form\" data-id=\"ba76969\" data-element_type=\"widget\" data-e-type=\"widget\" data-settings=\"{&quot;button_width&quot;:&quot;30&quot;,&quot;step_next_label&quot;:&quot;Suivant&quot;,&quot;step_previous_label&quot;:&quot;Pr\\u00e9c\\u00e9dent&quot;,&quot;button_width_tablet&quot;:&quot;40&quot;,&quot;button_width_mobile&quot;:&quot;100&quot;,&quot;step_type&quot;:&quot;number_text&quot;,&quot;step_icon_shape&quot;:&quot;circle&quot;}\" data-widget_type=\"form.default\">\n\t\t\t\t\t\t\t<form class=\"elementor-form\" method=\"post\" name=\"Inscription\" aria-label=\"Inscription\">\n\t\t\t<input type=\"hidden\" name=\"post_id\" value=\"75\"\/>\n\t\t\t<input type=\"hidden\" name=\"form_id\" value=\"ba76969\"\/>\n\t\t\t<input type=\"hidden\" name=\"referer_title\" value=\"Actualit\u00e9s\" \/>\n\n\t\t\t\t\t\t\t<input type=\"hidden\" name=\"queried_id\" value=\"75\"\/>\n\t\t\t\n\t\t\t<div class=\"elementor-form-fields-wrapper elementor-labels-above\">\n\t\t\t\t\t\t\t\t<div class=\"elementor-field-type-email elementor-field-group elementor-column elementor-field-group-nom elementor-col-70 elementor-md-60\">\n\t\t\t\t\t\t\t\t\t\t\t\t\t<input size=\"1\" type=\"email\" name=\"form_fields[nom]\" id=\"form-field-nom\" class=\"elementor-field elementor-size-sm  elementor-field-textual\" placeholder=\"Entrez votre email\">\n\t\t\t\t\t\t\t\t\t\t\t<\/div>\n\t\t\t\t\t\t\t\t<div class=\"elementor-field-group elementor-column elementor-field-type-submit elementor-col-30 e-form__buttons elementor-md-40 elementor-sm-100\">\n\t\t\t\t\t<button class=\"elementor-button elementor-size-xs\" type=\"submit\">\n\t\t\t\t\t\t<span class=\"elementor-button-content-wrapper\">\n\t\t\t\t\t\t\t\t\t\t\t\t\t\t\t\t\t\t\t\t\t\t<span class=\"elementor-button-text\">Je m'inscris<\/span>\n\t\t\t\t\t\t\t\t\t\t\t\t\t<\/span>\n\t\t\t\t\t<\/button>\n\t\t\t\t<\/div>\n\t\t\t<\/div>\n\t\t<\/form>\n\t\t\t\t\t\t<\/div>\n\t\t\t\t<div class=\"elementor-element elementor-element-bdb76de elementor-widget elementor-widget-text-editor\" data-id=\"bdb76de\" data-element_type=\"widget\" data-e-type=\"widget\" data-widget_type=\"text-editor.default\">\n\t\t\t\t\t\t\t\t\t<p>En validant votre inscription, vous confirmez que vous acceptez nos Conditions G\u00e9n\u00e9rales.<\/p>\t\t\t\t\t\t\t\t<\/div>\n\t\t\t\t<\/div>\n\t\t\t\t<\/div>\n\t\t\t\t<\/div>\n\t\t\t\t\t<\/div>\n\t\t\t\t<\/div>\n\t\t\t\t<\/div>\n\t\t","protected":false},"excerpt":{"rendered":"<p>Cercle Avenir &amp; Progr\u00e8s RELIER LA PENS\u00c9E \u00c0 L&rsquo;ACTION\u200b Think tank citoyen, humaniste et ind\u00e9pendant, CAP agit toute l\u2019ann\u00e9e \u00e0 travers\u00a0des conf\u00e9rences, des d\u00e9bats, des publications et des podcasts, pour transformer la r\u00e9flexion collective en action concr\u00e8te. \u00c9v\u00e8nement phare Quand la pens\u00e9e devient parole Le podcast de CAP donne la parole \u00e0 des\u00a0acteurs du changement\u00a0&#8211; [&hellip;]<\/p>\n","protected":false},"author":1,"featured_media":0,"parent":0,"menu_order":0,"comment_status":"closed","ping_status":"closed","template":"","meta":{"footnotes":""},"class_list":["post-75","page","type-page","status-publish","hentry"],"_links":{"self":[{"href":"https:\/\/cercleaveniretprogres.org\/index.php?rest_route=\/wp\/v2\/pages\/75","targetHints":{"allow":["GET"]}}],"collection":[{"href":"https:\/\/cercleaveniretprogres.org\/index.php?rest_route=\/wp\/v2\/pages"}],"about":[{"href":"https:\/\/cercleaveniretprogres.org\/index.php?rest_route=\/wp\/v2\/types\/page"}],"author":[{"embeddable":true,"href":"https:\/\/cercleaveniretprogres.org\/index.php?rest_route=\/wp\/v2\/users\/1"}],"replies":[{"embeddable":true,"href":"https:\/\/cercleaveniretprogres.org\/index.php?rest_route=%2Fwp%2Fv2%2Fcomments&post=75"}],"version-history":[{"count":95,"href":"https:\/\/cercleaveniretprogres.org\/index.php?rest_route=\/wp\/v2\/pages\/75\/revisions"}],"predecessor-version":[{"id":1246,"href":"https:\/\/cercleaveniretprogres.org\/index.php?rest_route=\/wp\/v2\/pages\/75\/revisions\/1246"}],"wp:attachment":[{"href":"https:\/\/cercleaveniretprogres.org\/index.php?rest_route=%2Fwp%2Fv2%2Fmedia&parent=75"}],"curies":[{"name":"wp","href":"https:\/\/api.w.org\/{rel}","templated":true}]}}