{"id":71,"date":"2025-11-04T16:11:31","date_gmt":"2025-11-04T15:11:31","guid":{"rendered":"https:\/\/cercleaveniretprogres.org\/?page_id=71"},"modified":"2026-02-19T10:21:05","modified_gmt":"2026-02-19T09:21:05","slug":"qui-sommes-nous","status":"publish","type":"page","link":"https:\/\/cercleaveniretprogres.org\/?page_id=71","title":{"rendered":"Qui sommes-nous"},"content":{"rendered":"\t\t<div data-elementor-type=\"wp-page\" data-elementor-id=\"71\" class=\"elementor elementor-71\" data-elementor-post-type=\"page\">\n\t\t\t\t<div class=\"elementor-element elementor-element-b7ac55c e-flex e-con-boxed e-con e-parent\" data-id=\"b7ac55c\" data-element_type=\"container\" data-e-type=\"container\" data-settings=\"{&quot;background_background&quot;:&quot;classic&quot;}\">\n\t\t\t\t\t<div class=\"e-con-inner\">\n\t\t\t\t<div class=\"elementor-element elementor-element-e8efd82 elementor-widget elementor-widget-heading\" data-id=\"e8efd82\" data-element_type=\"widget\" data-e-type=\"widget\" data-widget_type=\"heading.default\">\n\t\t\t\t\t<h2 class=\"elementor-heading-title elementor-size-default\">Cercle Avenir &amp; Progr\u00e8s<\/h2>\t\t\t\t<\/div>\n\t\t\t\t<div class=\"elementor-element elementor-element-9883851 elementor-widget elementor-widget-heading\" data-id=\"9883851\" data-element_type=\"widget\" data-e-type=\"widget\" data-widget_type=\"heading.default\">\n\t\t\t\t\t<h2 class=\"elementor-heading-title elementor-size-default\">PENSER - RELIER - TRANSFORMER<\/h2>\t\t\t\t<\/div>\n\t\t\t\t<div class=\"elementor-element elementor-element-c92c13f elementor-widget elementor-widget-text-editor\" data-id=\"c92c13f\" data-element_type=\"widget\" data-e-type=\"widget\" data-widget_type=\"text-editor.default\">\n\t\t\t\t\t\t\t\t\t<p><span style=\"font-weight: 400;\">Think tank citoyen humaniste et ind\u00e9pendant qui rassemble des femmes et des hommes issus des\u00a0<br \/><\/span>mondes \u00e9conomique, juridique, scientifique et social pour\u00a0<b>penser et incarner le vivre-ensemble<\/b>.<\/p>\t\t\t\t\t\t\t\t<\/div>\n\t\t<div class=\"elementor-element elementor-element-130dcae e-con-full e-flex e-con e-child\" data-id=\"130dcae\" data-element_type=\"container\" data-e-type=\"container\">\n\t\t<div class=\"elementor-element elementor-element-d432812 e-con-full e-flex e-con e-child\" data-id=\"d432812\" data-element_type=\"container\" data-e-type=\"container\">\n\t\t\t\t<div class=\"elementor-element elementor-element-9290144 elementor-widget__width-initial elementor-widget elementor-widget-counter\" data-id=\"9290144\" data-element_type=\"widget\" data-e-type=\"widget\" data-widget_type=\"counter.default\">\n\t\t\t\t\t\t\t<div class=\"elementor-counter\">\n\t\t\t\t\t\t<div class=\"elementor-counter-number-wrapper\">\n\t\t\t\t<span class=\"elementor-counter-number-prefix\"><\/span>\n\t\t\t\t<span class=\"elementor-counter-number\" data-duration=\"2000\" data-to-value=\"20\" data-from-value=\"0\" data-delimiter=\",\">0<\/span>\n\t\t\t\t<span class=\"elementor-counter-number-suffix\"><\/span>\n\t\t\t<\/div>\n\t\t<\/div>\n\t\t\t\t\t\t<\/div>\n\t\t\t\t<div class=\"elementor-element elementor-element-cffccf7 elementor-widget elementor-widget-heading\" data-id=\"cffccf7\" data-element_type=\"widget\" data-e-type=\"widget\" data-widget_type=\"heading.default\">\n\t\t\t\t\t<h2 class=\"elementor-heading-title elementor-size-default\">Membres fondateurs<\/h2>\t\t\t\t<\/div>\n\t\t\t\t<\/div>\n\t\t<div class=\"elementor-element elementor-element-8629c97 e-con-full e-flex e-con e-child\" data-id=\"8629c97\" data-element_type=\"container\" data-e-type=\"container\">\n\t\t\t\t<div class=\"elementor-element elementor-element-818c584 elementor-widget__width-initial elementor-widget elementor-widget-counter\" data-id=\"818c584\" data-element_type=\"widget\" data-e-type=\"widget\" data-widget_type=\"counter.default\">\n\t\t\t\t\t\t\t<div class=\"elementor-counter\">\n\t\t\t\t\t\t<div class=\"elementor-counter-number-wrapper\">\n\t\t\t\t<span class=\"elementor-counter-number-prefix\"><\/span>\n\t\t\t\t<span class=\"elementor-counter-number\" data-duration=\"2000\" data-to-value=\"50\" data-from-value=\"0\" data-delimiter=\",\">0<\/span>\n\t\t\t\t<span class=\"elementor-counter-number-suffix\"><\/span>\n\t\t\t<\/div>\n\t\t<\/div>\n\t\t\t\t\t\t<\/div>\n\t\t\t\t<div class=\"elementor-element elementor-element-a4ae0d4 elementor-widget elementor-widget-heading\" data-id=\"a4ae0d4\" data-element_type=\"widget\" data-e-type=\"widget\" data-widget_type=\"heading.default\">\n\t\t\t\t\t<h2 class=\"elementor-heading-title elementor-size-default\">Contributeurs actifs<\/h2>\t\t\t\t<\/div>\n\t\t\t\t<\/div>\n\t\t<div class=\"elementor-element elementor-element-b1f56e7 e-con-full e-flex e-con e-child\" data-id=\"b1f56e7\" data-element_type=\"container\" data-e-type=\"container\">\n\t\t\t\t<div class=\"elementor-element elementor-element-0490b16 elementor-widget elementor-widget-counter\" data-id=\"0490b16\" data-element_type=\"widget\" data-e-type=\"widget\" data-widget_type=\"counter.default\">\n\t\t\t\t\t\t\t<div class=\"elementor-counter\">\n\t\t\t\t\t\t<div class=\"elementor-counter-number-wrapper\">\n\t\t\t\t<span class=\"elementor-counter-number-prefix\"><\/span>\n\t\t\t\t<span class=\"elementor-counter-number\" data-duration=\"2000\" data-to-value=\"200\" data-from-value=\"0\" data-delimiter=\",\">0<\/span>\n\t\t\t\t<span class=\"elementor-counter-number-suffix\"><\/span>\n\t\t\t<\/div>\n\t\t<\/div>\n\t\t\t\t\t\t<\/div>\n\t\t\t\t<div class=\"elementor-element elementor-element-5d0bffd elementor-widget elementor-widget-heading\" data-id=\"5d0bffd\" data-element_type=\"widget\" data-e-type=\"widget\" data-widget_type=\"heading.default\">\n\t\t\t\t\t<h2 class=\"elementor-heading-title elementor-size-default\">Sympathisants<\/h2>\t\t\t\t<\/div>\n\t\t\t\t<\/div>\n\t\t\t\t<\/div>\n\t\t\t\t\t<\/div>\n\t\t\t\t<\/div>\n\t\t<div class=\"elementor-element elementor-element-109d985 e-flex e-con-boxed e-con e-parent\" data-id=\"109d985\" data-element_type=\"container\" data-e-type=\"container\">\n\t\t\t\t\t<div class=\"e-con-inner\">\n\t\t<div class=\"elementor-element elementor-element-afc3fe8 e-con-full e-flex e-con e-child\" data-id=\"afc3fe8\" data-element_type=\"container\" data-e-type=\"container\" data-settings=\"{&quot;background_background&quot;:&quot;classic&quot;}\">\n\t\t\t\t<div class=\"elementor-element elementor-element-7e2816a elementor-widget elementor-widget-heading\" data-id=\"7e2816a\" data-element_type=\"widget\" data-e-type=\"widget\" data-widget_type=\"heading.default\">\n\t\t\t\t\t<h2 class=\"elementor-heading-title elementor-size-default\">L\u2019esprit CAP<\/h2>\t\t\t\t<\/div>\n\t\t\t\t<div class=\"elementor-element elementor-element-2690ade elementor-widget elementor-widget-text-editor\" data-id=\"2690ade\" data-element_type=\"widget\" data-e-type=\"widget\" data-widget_type=\"text-editor.default\">\n\t\t\t\t\t\t\t\t\t<p><span style=\"font-weight: 400;\">Le Cercle Avenir &amp; Progr\u00e8s est un\u00a0<\/span><b>espace de r\u00e9flexion et de dialogue civique<\/b><span style=\"font-weight: 400;\">, n\u00e9 d\u2019une conviction simple :\u00a0<\/span><b>pour faire Nation, il faut d\u2019abord faire soci\u00e9t\u00e9<\/b><span style=\"font-weight: 400;\">.<br \/><\/span><span style=\"font-weight: 400;\"><br \/><\/span><span style=\"font-weight: 400;\">Ni parti ni lobby, CAP est un lieu\u00a0<\/span><b>libre, exigeant et transpartisan<\/b><span style=\"font-weight: 400;\">, fond\u00e9 sur une \u00e9thique du lien et de la parole juste.<\/span><\/p><p><span style=\"font-weight: 400;\">Son action s\u2019appuie sur quatre piliers :\u00a0<\/span><b>humanisme, la\u00efcit\u00e9, responsabilit\u00e9 et ouverture<\/b><span style=\"font-weight: 400;\">, pour retisser le lien entre citoyens, territoires et institutions.<\/span><\/p>\t\t\t\t\t\t\t\t<\/div>\n\t\t\t\t<\/div>\n\t\t<div class=\"elementor-element elementor-element-764b683 e-con-full e-flex e-con e-child\" data-id=\"764b683\" data-element_type=\"container\" data-e-type=\"container\" data-settings=\"{&quot;background_background&quot;:&quot;classic&quot;,&quot;position&quot;:&quot;absolute&quot;}\">\n\t\t\t\t<div class=\"elementor-element elementor-element-d7e605a elementor-widget elementor-widget-heading\" data-id=\"d7e605a\" data-element_type=\"widget\" data-e-type=\"widget\" data-widget_type=\"heading.default\">\n\t\t\t\t\t<h2 class=\"elementor-heading-title elementor-size-default\">CAP c'est 20 membres fondateurs, 50 contributeurs actifs, 200 sympathisants en 2025.\n\n<\/h2>\t\t\t\t<\/div>\n\t\t\t\t<\/div>\n\t\t<div class=\"elementor-element elementor-element-f9db0c3 e-con-full e-flex e-con e-child\" data-id=\"f9db0c3\" data-element_type=\"container\" data-e-type=\"container\" data-settings=\"{&quot;background_background&quot;:&quot;classic&quot;}\">\n\t\t\t\t<div class=\"elementor-element elementor-element-c41eff5 elementor-widget elementor-widget-heading\" data-id=\"c41eff5\" data-element_type=\"widget\" data-e-type=\"widget\" data-widget_type=\"heading.default\">\n\t\t\t\t\t<h2 class=\"elementor-heading-title elementor-size-default\">Notre gouvernance<\/h2>\t\t\t\t<\/div>\n\t\t\t\t<div class=\"elementor-element elementor-element-8a4d482 elementor-widget__width-initial elementor-arrows-position-outside elementor-pagination-position-outside elementor-widget elementor-widget-image-carousel\" data-id=\"8a4d482\" data-element_type=\"widget\" data-e-type=\"widget\" data-settings=\"{&quot;image_spacing_custom&quot;:{&quot;unit&quot;:&quot;px&quot;,&quot;size&quot;:100,&quot;sizes&quot;:[]},&quot;navigation&quot;:&quot;both&quot;,&quot;autoplay&quot;:&quot;yes&quot;,&quot;pause_on_hover&quot;:&quot;yes&quot;,&quot;pause_on_interaction&quot;:&quot;yes&quot;,&quot;autoplay_speed&quot;:5000,&quot;infinite&quot;:&quot;yes&quot;,&quot;speed&quot;:500,&quot;image_spacing_custom_tablet&quot;:{&quot;unit&quot;:&quot;px&quot;,&quot;size&quot;:&quot;&quot;,&quot;sizes&quot;:[]},&quot;image_spacing_custom_mobile&quot;:{&quot;unit&quot;:&quot;px&quot;,&quot;size&quot;:&quot;&quot;,&quot;sizes&quot;:[]}}\" data-widget_type=\"image-carousel.default\">\n\t\t\t\t\t\t\t<div class=\"elementor-image-carousel-wrapper swiper\" role=\"region\" aria-roledescription=\"carousel\" aria-label=\"Carrousel d\u2019images\" dir=\"ltr\">\n\t\t\t<div class=\"elementor-image-carousel swiper-wrapper\" aria-live=\"off\">\n\t\t\t\t\t\t\t\t<div class=\"swiper-slide\" role=\"group\" aria-roledescription=\"slide\" aria-label=\"1 sur 8\"><figure class=\"swiper-slide-inner\"><img decoding=\"async\" class=\"swiper-slide-image\" src=\"https:\/\/cercleaveniretprogres.org\/wp-content\/uploads\/2025\/12\/edit-sasha-final-2340-scaled-e1767103263888-828x1024.jpg\" alt=\"Jean-Luc SCEMAMA Pr\u00e9sident fondateur\" \/><figcaption class=\"elementor-image-carousel-caption\">Jean-Luc SCEMAMA Pr\u00e9sident fondateur <\/figcaption><\/figure><\/div><div class=\"swiper-slide\" role=\"group\" aria-roledescription=\"slide\" aria-label=\"2 sur 8\"><figure class=\"swiper-slide-inner\"><img decoding=\"async\" class=\"swiper-slide-image\" src=\"https:\/\/cercleaveniretprogres.org\/wp-content\/uploads\/2025\/12\/edit-sasha-final-2344-scaled-e1767103459753-862x1024.jpg\" alt=\"Viviane MEYER Vice-Pr\u00e9sidente\" \/><figcaption class=\"elementor-image-carousel-caption\">Viviane MEYER <br>Vice-Pr\u00e9sidente<\/figcaption><\/figure><\/div><div class=\"swiper-slide\" role=\"group\" aria-roledescription=\"slide\" aria-label=\"3 sur 8\"><figure class=\"swiper-slide-inner\"><img decoding=\"async\" class=\"swiper-slide-image\" src=\"https:\/\/cercleaveniretprogres.org\/wp-content\/uploads\/2025\/12\/edit-sasha-final-2346-scaled-e1767103413712-868x1024.jpg\" alt=\"Michel RUIMYVice-Pr\u00e9sident\" \/><figcaption class=\"elementor-image-carousel-caption\">Michel RUIMY<br>Vice-Pr\u00e9sident<\/figcaption><\/figure><\/div><div class=\"swiper-slide\" role=\"group\" aria-roledescription=\"slide\" aria-label=\"4 sur 8\"><figure class=\"swiper-slide-inner\"><img decoding=\"async\" class=\"swiper-slide-image\" src=\"https:\/\/cercleaveniretprogres.org\/wp-content\/uploads\/2025\/12\/edit-sasha-final-2342-scaled-e1767103499569-898x1024.jpg\" alt=\"Pierre BELLALOUM Secr\u00e9taire g\u00e9n\u00e9ral\" \/><figcaption class=\"elementor-image-carousel-caption\"> Pierre BELLALOUM Secr\u00e9taire g\u00e9n\u00e9ral<\/figcaption><\/figure><\/div><div class=\"swiper-slide\" role=\"group\" aria-roledescription=\"slide\" aria-label=\"5 sur 8\"><figure class=\"swiper-slide-inner\"><img decoding=\"async\" class=\"swiper-slide-image\" src=\"https:\/\/cercleaveniretprogres.org\/wp-content\/uploads\/2025\/12\/edit-sasha-final-2343-scaled-e1767103477638-888x1024.jpg\" alt=\"Gilbert METOUDI                    Tr\u00e9sorier\" \/><figcaption class=\"elementor-image-carousel-caption\">Gilbert METOUDI                    Tr\u00e9sorier <\/figcaption><\/figure><\/div><div class=\"swiper-slide\" role=\"group\" aria-roledescription=\"slide\" aria-label=\"6 sur 8\"><figure class=\"swiper-slide-inner\"><img decoding=\"async\" class=\"swiper-slide-image\" src=\"https:\/\/cercleaveniretprogres.org\/wp-content\/uploads\/2025\/12\/edit-sasha-final-2347-scaled-e1767103375280-875x1024.jpg\" alt=\"Zakia OUHMIDA  Responsable Communication\" \/><figcaption class=\"elementor-image-carousel-caption\">Zakia OUHMIDA  Responsable Communication<\/figcaption><\/figure><\/div><div class=\"swiper-slide\" role=\"group\" aria-roledescription=\"slide\" aria-label=\"7 sur 8\"><figure class=\"swiper-slide-inner\"><img decoding=\"async\" class=\"swiper-slide-image\" src=\"https:\/\/cercleaveniretprogres.org\/wp-content\/uploads\/2025\/12\/edit-sasha-final-2345-scaled-e1767103439857-836x1024.jpg\" alt=\"Marcel KAHN  Charg\u00e9 de mission\" \/><figcaption class=\"elementor-image-carousel-caption\">Marcel KAHN <br> Charg\u00e9 de mission<\/figcaption><\/figure><\/div><div class=\"swiper-slide\" role=\"group\" aria-roledescription=\"slide\" aria-label=\"8 sur 8\"><figure class=\"swiper-slide-inner\"><img decoding=\"async\" class=\"swiper-slide-image\" src=\"https:\/\/cercleaveniretprogres.org\/wp-content\/uploads\/2025\/12\/1516247236188.jpg\" alt=\"Anne Binder  Co-pr\u00e9sident du Groupe de travail \u00c9cole\" \/><figcaption class=\"elementor-image-carousel-caption\">Anne Binder <br> Co-pr\u00e9sident du Groupe de travail \u00c9cole<\/figcaption><\/figure><\/div>\t\t\t<\/div>\n\t\t\t\t\t\t\t\t\t\t\t\t<div class=\"elementor-swiper-button elementor-swiper-button-prev\" role=\"button\" tabindex=\"0\">\n\t\t\t\t\t\t<svg aria-hidden=\"true\" class=\"e-font-icon-svg e-eicon-chevron-left\" viewBox=\"0 0 1000 1000\" xmlns=\"http:\/\/www.w3.org\/2000\/svg\"><path d=\"M646 125C629 125 613 133 604 142L308 442C296 454 292 471 292 487 292 504 296 521 308 533L604 854C617 867 629 875 646 875 663 875 679 871 692 858 704 846 713 829 713 812 713 796 708 779 692 767L438 487 692 225C700 217 708 204 708 187 708 171 704 154 692 142 675 129 663 125 646 125Z\"><\/path><\/svg>\t\t\t\t\t<\/div>\n\t\t\t\t\t<div class=\"elementor-swiper-button elementor-swiper-button-next\" role=\"button\" tabindex=\"0\">\n\t\t\t\t\t\t<svg aria-hidden=\"true\" class=\"e-font-icon-svg e-eicon-chevron-right\" viewBox=\"0 0 1000 1000\" xmlns=\"http:\/\/www.w3.org\/2000\/svg\"><path d=\"M696 533C708 521 713 504 713 487 713 471 708 454 696 446L400 146C388 133 375 125 354 125 338 125 325 129 313 142 300 154 292 171 292 187 292 204 296 221 308 233L563 492 304 771C292 783 288 800 288 817 288 833 296 850 308 863 321 871 338 875 354 875 371 875 388 867 400 854L696 533Z\"><\/path><\/svg>\t\t\t\t\t<\/div>\n\t\t\t\t\n\t\t\t\t\t\t\t\t\t<div class=\"swiper-pagination\"><\/div>\n\t\t\t\t\t\t\t\t\t<\/div>\n\t\t\t\t\t\t<\/div>\n\t\t\t\t<div class=\"elementor-element elementor-element-48a114e elementor-widget elementor-widget-text-editor\" data-id=\"48a114e\" data-element_type=\"widget\" data-e-type=\"widget\" data-widget_type=\"text-editor.default\">\n\t\t\t\t\t\t\t\t\t<p><span style=\"font-weight: 400;\">CAP repose sur une\u00a0<\/span><b>gouvernance pluraliste et exigeante<\/b><span style=\"font-weight: 400;\">, garante de la rigueur intellectuelle et de l\u2019ind\u00e9pendance du think tank.<\/span><\/p><p><span style=\"font-weight: 400;\">Le Comit\u00e9 de pilotage r\u00e9unit des femmes et des hommes aux parcours compl\u00e9mentaires, charg\u00e9s d\u2019<\/span><b>orienter les travaux<\/b><span style=\"font-weight: 400;\">, d\u2019<\/span><b>assurer la coh\u00e9rence strat\u00e9gique<\/b><span style=\"font-weight: 400;\">\u00a0et de\u00a0<\/span><b>veiller \u00e0 la qualit\u00e9 des productions<\/b><span style=\"font-weight: 400;\">.<\/span><\/p>\t\t\t\t\t\t\t\t<\/div>\n\t\t<div class=\"elementor-element elementor-element-ad123b3 e-con-full e-flex e-con e-child\" data-id=\"ad123b3\" data-element_type=\"container\" data-e-type=\"container\">\n\t\t\t\t<div class=\"elementor-element elementor-element-372d908 elementor-widget elementor-widget-text-editor\" data-id=\"372d908\" data-element_type=\"widget\" data-e-type=\"widget\" data-widget_type=\"text-editor.default\">\n\t\t\t\t\t\t\t\t\t<p><b><span style=\"text-decoration: underline;\">Pr\u00e9sident fondateur<\/span>\u00a0: Jean-Luc SCEMAMA<br \/><\/b><span style=\"font-weight: 400;\">Expert en transmission d\u2019entreprise, Administrateur ind\u00e9pendant, Expert-comptable honoraire<br \/><\/span><i><span style=\"font-weight: 400;\">\u00ab Certains voient les choses comme elles sont et se disent pourquoi ? Moi, je les imagine comme elles pourraient \u00eatre et je dis<br \/>\u00ab pourquoi pas ? \u00bb &#8211; Mark TWAIN<\/span><\/i><\/p><p><b><br \/><span style=\"text-decoration: underline;\">Vice-pr\u00e9sidente<\/span>\u00a0: Viviane MEYER<br \/><\/b>Expert minist\u00e8re de l\u2019Europe et intervenant INSP &#8211; Ancienne fonctionnaire des institutions europ\u00e9ennes<br \/><i><span style=\"font-weight: 400;\">\u00ab Nos valeurs expriment nos besoins \u00bb &#8211; Edgard MORIN<\/span><\/i><\/p><p><b>\u00a0<\/b><\/p><p><span style=\"text-decoration: underline;\"><b>Vice-pr\u00e9sident\u00a0&#8211; Co-pr\u00e9sident du Groupe de travail S\u00e9curit\u00e9<\/b><\/span><b> : Michel RUIMY<br \/><\/b><span style=\"font-weight: 400;\">\u00c9conomiste et financier, Consultant<br \/><em>\u00ab La vie est un chemin de brume : avance en \u00e9coutant ton pas, car c\u2019est lui qui finira par te montrer la route \u00bb<\/em> Michel RUMY<br \/><\/span><\/p><p><b><br \/><span style=\"text-decoration: underline;\">Secr\u00e9taire g\u00e9n\u00e9ral<\/span> : <\/b><b>Pierre BELLALOUM<br \/><\/b><span style=\"font-weight: 400;\">Conseiller strat\u00e9gique en commerce international<br \/><\/span><i><span style=\"font-weight: 400;\">\u00ab Se r\u00e9unir est un d\u00e9but, rester ensemble est un progr\u00e8s, travailler ensemble est la r\u00e9ussite \u00bb &#8211; Henry FORD<\/span><\/i><\/p><p><span style=\"text-decoration: underline;\"><b><br \/>Tr\u00e9sorier &#8211; Co-pr\u00e9sident du Groupe de travail S\u00e9curit\u00e9<\/b><\/span><b><span style=\"text-decoration: underline;\">\u00a0<\/span>:<\/b><b> Gilbert METOUDI<br \/><\/b><span style=\"font-weight: 400;\">Dirigeant fondateur d\u2019un cabinet d\u2019Expertise Comptable et Commissariat aux Comptes<br \/><\/span><i><span style=\"font-weight: 400;\">\u00ab Il n\u2019y a ni d\u2019esp\u00e9rance sans crainte, ni crainte sans esp\u00e9rance \u00bb &#8211; Baruch SPINOZA<\/span><\/i><\/p><p>\u00a0<\/p><p><b><span style=\"text-decoration: underline;\">Responsable Communication<\/span> : Zakia OUHMIDA\u00a0<br \/><\/b><span style=\"font-weight: 400;\">Consultante en communication narrative<br \/><\/span><i><span style=\"font-weight: 400;\">\u00ab Ce n\u2019est pas parce que les choses sont difficiles que nous n\u2019osons pas. C\u2019est parce que nous n\u2019osons pas qu\u2019elles sont difficiles \u00bb &#8211; S\u00c9N\u00c8QUE<\/span><\/i><\/p><p>\u00a0<\/p><p><b><span style=\"text-decoration: underline;\">Co-pr\u00e9sident du Groupe de travail \u00c9cole<\/span>\u00a0: Anne BINDER<br \/><\/b><span style=\"font-weight: 400;\">Administratrice ind\u00e9pendante apr\u00e8s Conseil aux entreprises et investisseurs au sein d\u2019institutions financi\u00e8res<br \/><\/span><i><span style=\"font-weight: 400;\">\u00ab Je n\u2019aime pas l\u2019expression devoir de m\u00e9moire. Le seul devoir est d\u2019enseigner et transmettre \u00bb &#8211; Simone VEIL<\/span><\/i><\/p><p>\u00a0<\/p><p><b><span style=\"text-decoration: underline;\">Co-pr\u00e9sident du Groupe de travail \u00c9cole<\/span>\u00a0: Jacques HALIMI<br \/><\/b><b><\/b><span style=\"font-weight: 400;\">M\u00e9decin rhumatologue<\/span><\/p><p>\u00a0<\/p><p><b><span style=\"text-decoration: underline;\">Charg\u00e9 de mission<\/span> : Marcel KAHN<br \/><\/b><span style=\"font-weight: 400;\">Administrateur et Senior Advisor \u2013 Assurances et Finances<\/span><\/p>\t\t\t\t\t\t\t\t<\/div>\n\t\t\t\t<\/div>\n\t\t\t\t<\/div>\n\t\t<div class=\"elementor-element elementor-element-159bcd6 e-con-full e-flex e-con e-child\" data-id=\"159bcd6\" data-element_type=\"container\" data-e-type=\"container\" data-settings=\"{&quot;background_background&quot;:&quot;classic&quot;}\">\n\t\t\t\t<div class=\"elementor-element elementor-element-f25f701 elementor-widget elementor-widget-heading\" data-id=\"f25f701\" data-element_type=\"widget\" data-e-type=\"widget\" data-widget_type=\"heading.default\">\n\t\t\t\t\t<h2 class=\"elementor-heading-title elementor-size-default\">Notre charte \u00e9thique<\/h2>\t\t\t\t<\/div>\n\t\t\t\t<div class=\"elementor-element elementor-element-8c6418d elementor-widget elementor-widget-text-editor\" data-id=\"8c6418d\" data-element_type=\"widget\" data-e-type=\"widget\" data-widget_type=\"text-editor.default\">\n\t\t\t\t\t\t\t\t\t<p><span style=\"font-weight: 400;\">Adopt\u00e9e par les membres fondateurs en 2025<\/span><\/p><p><span style=\"font-weight: 400;\"><br \/><\/span><span style=\"font-weight: 400;\">Le Cercle Avenir &amp; Progr\u00e8s (CAP) est un\u00a0<\/span><b>think tank citoyen, humaniste et ind\u00e9pendant<\/b><span style=\"font-weight: 400;\">.<\/span><span style=\"font-weight: 400;\"><br \/><\/span><span style=\"font-weight: 400;\">Sa vocation est de\u00a0<\/span><b>penser et incarner le vivre-ensemble<\/b><span style=\"font-weight: 400;\">\u00a0dans le respect des principes r\u00e9publicains et de la dignit\u00e9 humaine.<\/span><\/p><p>\u00a0<\/p><p><b>Articles essentiels de la charte :<\/b><\/p><ul><li style=\"font-weight: 400;\" aria-level=\"1\"><b>Humanisme<\/b><span style=\"font-weight: 400;\">\u00a0: reconna\u00eetre la dignit\u00e9 de toute personne sans distinction.<\/span><\/li><li style=\"font-weight: 400;\" aria-level=\"1\"><b>Ind\u00e9pendance<\/b><span style=\"font-weight: 400;\">\u00a0: agir en dehors de toute influence politique ou \u00e9conomique.<\/span><\/li><li style=\"font-weight: 400;\" aria-level=\"1\"><b>La\u00efcit\u00e9<\/b><span style=\"font-weight: 400;\">\u00a0: garantir un espace de d\u00e9bat libre et \u00e9quilibr\u00e9.<\/span><\/li><li style=\"font-weight: 400;\" aria-level=\"1\"><b>Responsabilit\u00e9<\/b><span style=\"font-weight: 400;\">\u00a0: incarner les valeurs d\u00e9fendues dans ses actions.<\/span><\/li><li style=\"font-weight: 400;\" aria-level=\"1\"><b>Ouverture &amp; pluralisme<\/b><span style=\"font-weight: 400;\">\u00a0: consid\u00e9rer la contradiction comme une richesse.<\/span><\/li><li style=\"font-weight: 400;\" aria-level=\"1\"><b>Confidentialit\u00e9 &amp; loyaut\u00e9<\/b><span style=\"font-weight: 400;\">\u00a0: prot\u00e9ger la confiance au sein du Cercle.<\/span><\/li><li style=\"font-weight: 400;\" aria-level=\"1\"><b>Engagement citoyen<\/b><span style=\"font-weight: 400;\">\u00a0: contribuer \u00e0 la r\u00e9flexion et \u00e0 l\u2019action publique.<\/span><\/li><\/ul>\t\t\t\t\t\t\t\t<\/div>\n\t\t\t\t<div class=\"elementor-element elementor-element-6340127 elementor-widget__width-auto elementor-widget elementor-widget-button\" data-id=\"6340127\" data-element_type=\"widget\" data-e-type=\"widget\" data-widget_type=\"button.default\">\n\t\t\t\t\t\t\t\t\t\t<a class=\"elementor-button elementor-button-link elementor-size-sm\" href=\"https:\/\/cercleaveniretprogres.org\/wp-content\/uploads\/2026\/01\/Charte_ethique_CAP_2023.docx.pdf\">\n\t\t\t\t\t\t<span class=\"elementor-button-content-wrapper\">\n\t\t\t\t\t\t\t\t\t<span class=\"elementor-button-text\">T\u00e9l\u00e9charger la charte<\/span>\n\t\t\t\t\t<\/span>\n\t\t\t\t\t<\/a>\n\t\t\t\t\t\t\t\t<\/div>\n\t\t\t\t<\/div>\n\t\t<div class=\"elementor-element elementor-element-f8e2974 e-con-full e-flex e-con e-child\" data-id=\"f8e2974\" data-element_type=\"container\" data-e-type=\"container\" data-settings=\"{&quot;background_background&quot;:&quot;classic&quot;}\">\n\t\t\t\t<div class=\"elementor-element elementor-element-46746c2 elementor-widget elementor-widget-heading\" data-id=\"46746c2\" data-element_type=\"widget\" data-e-type=\"widget\" data-widget_type=\"heading.default\">\n\t\t\t\t\t<h2 class=\"elementor-heading-title elementor-size-default\">Notre Communaut\u00e9\n<\/h2>\t\t\t\t<\/div>\n\t\t\t\t<div class=\"elementor-element elementor-element-1073895 elementor-widget elementor-widget-text-editor\" data-id=\"1073895\" data-element_type=\"widget\" data-e-type=\"widget\" data-widget_type=\"text-editor.default\">\n\t\t\t\t\t\t\t\t\t<p><span style=\"font-weight: 400;\">Le CAP est une\u00a0<\/span><b>communaut\u00e9 ouverte et diverse<\/b><span style=\"font-weight: 400;\">, r\u00e9unissant citoyens, chercheurs, \u00e9lus, entrepreneurs et acteurs de terrain.<\/span><span style=\"font-weight: 400;\"><br \/><br \/><\/span><\/p><p><span style=\"font-weight: 400;\">Chaque membre partage une m\u00eame conviction :\u00a0<\/span><b>penser et faire soci\u00e9t\u00e9<\/b><span style=\"font-weight: 400;\">\u00a0dans un esprit de respect et de responsabilit\u00e9 partag\u00e9e.<\/span><\/p><p>\u00a0<\/p><p><span style=\"font-weight: 400;\">\u27a1\ufe0f <\/span><b>Rejoindre CAP<\/b><span style=\"font-weight: 400;\"> pour : <\/span><span style=\"font-weight: 400;\">(lien vers adh\u00e9rer)<\/span><\/p><ul><li style=\"font-weight: 400;\" aria-level=\"1\"><span style=\"font-weight: 400;\">Contribuer aux travaux collectifs.<\/span><\/li><li style=\"font-weight: 400;\" aria-level=\"1\"><span style=\"font-weight: 400;\">Participer aux groupes th\u00e9matiques.<\/span><\/li><li style=\"font-weight: 400;\" aria-level=\"1\"><span style=\"font-weight: 400;\">Prendre part aux \u00e9v\u00e9nements et publications.<\/span><\/li><li style=\"font-weight: 400;\" aria-level=\"1\"><span style=\"font-weight: 400;\">Porter les valeurs du Cercle dans sa vie professionnelle et civique.<\/span><\/li><\/ul><p>\u00a0<\/p>\t\t\t\t\t\t\t\t<\/div>\n\t\t\t\t<\/div>\n\t\t<div class=\"elementor-element elementor-element-5dbec60 e-con-full e-flex e-con e-child\" data-id=\"5dbec60\" data-element_type=\"container\" data-e-type=\"container\" data-settings=\"{&quot;background_background&quot;:&quot;classic&quot;,&quot;position&quot;:&quot;absolute&quot;}\">\n\t\t\t\t<div class=\"elementor-element elementor-element-28c37fa elementor-widget elementor-widget-heading\" data-id=\"28c37fa\" data-element_type=\"widget\" data-e-type=\"widget\" data-widget_type=\"heading.default\">\n\t\t\t\t\t<h2 class=\"elementor-heading-title elementor-size-default\">CAP c'est 20 membres fondateurs, 50 contributeurs actifs, 200 sympathisants en 2025.\n\n<\/h2>\t\t\t\t<\/div>\n\t\t\t\t<\/div>\n\t\t<div class=\"elementor-element elementor-element-2dc8756 e-con-full e-flex e-con e-child\" data-id=\"2dc8756\" data-element_type=\"container\" data-e-type=\"container\" data-settings=\"{&quot;background_background&quot;:&quot;classic&quot;,&quot;position&quot;:&quot;absolute&quot;}\">\n\t\t\t\t<div class=\"elementor-element elementor-element-8365148 elementor-widget elementor-widget-heading\" data-id=\"8365148\" data-element_type=\"widget\" data-e-type=\"widget\" data-widget_type=\"heading.default\">\n\t\t\t\t\t<h2 class=\"elementor-heading-title elementor-size-default\">CAP c'est 20 membres fondateurs, 50 contributeurs actifs, 200 sympathisants en 2025.\n\n<\/h2>\t\t\t\t<\/div>\n\t\t\t\t<\/div>\n\t\t\t\t\t<\/div>\n\t\t\t\t<\/div>\n\t\t<div class=\"elementor-element elementor-element-7c9b1be e-flex e-con-boxed e-con e-parent\" data-id=\"7c9b1be\" data-element_type=\"container\" data-e-type=\"container\" data-settings=\"{&quot;background_background&quot;:&quot;classic&quot;}\">\n\t\t\t\t\t<div class=\"e-con-inner\">\n\t\t\t\t<div class=\"elementor-element elementor-element-2585cfc elementor-widget elementor-widget-html\" data-id=\"2585cfc\" data-element_type=\"widget\" data-e-type=\"widget\" data-widget_type=\"html.default\">\n\t\t\t\t\t<iframe width=\"540\" height=\"450\" src=\"https:\/\/3110629a.sibforms.com\/serve\/MUIFAN1V0GABFUWLyon78hwhp1A6kA7tOQ2nF9gOF5aG4EzLoJTZVW8xF9ofcwwUmlYhkIZ06CspB6tzfuaKi4TEGeTvUGdXmdaVc3JfXcN8iki27ajW5z6X0o8OH1o6CRq0s4Yb9PpBibxgsbSTpNj6Mkag7DPrItEPBDo5ZdvmlKebUKaEMoHMt1uJ4NitkPyCO5vix3eSv4tpkQ==\" frameborder=\"0\" scrolling=\"auto\" allowfullscreen style=\"display: block;margin-left: auto;margin-right: auto;max-width: 100%;\"><\/iframe>\t\t\t\t<\/div>\n\t\t\t\t\t<\/div>\n\t\t\t\t<\/div>\n\t\t\t\t<\/div>\n\t\t","protected":false},"excerpt":{"rendered":"<p>Cercle Avenir &amp; Progr\u00e8s PENSER &#8211; RELIER &#8211; TRANSFORMER Think tank citoyen humaniste et ind\u00e9pendant qui rassemble des femmes et des hommes issus des\u00a0mondes \u00e9conomique, juridique, scientifique et social pour\u00a0penser et incarner le vivre-ensemble. 0 Membres fondateurs 0 Contributeurs actifs 0 Sympathisants L\u2019esprit CAP Le Cercle Avenir &amp; Progr\u00e8s est un\u00a0espace de r\u00e9flexion et de [&hellip;]<\/p>\n","protected":false},"author":1,"featured_media":0,"parent":0,"menu_order":0,"comment_status":"closed","ping_status":"closed","template":"","meta":{"footnotes":""},"class_list":["post-71","page","type-page","status-publish","hentry"],"_links":{"self":[{"href":"https:\/\/cercleaveniretprogres.org\/index.php?rest_route=\/wp\/v2\/pages\/71","targetHints":{"allow":["GET"]}}],"collection":[{"href":"https:\/\/cercleaveniretprogres.org\/index.php?rest_route=\/wp\/v2\/pages"}],"about":[{"href":"https:\/\/cercleaveniretprogres.org\/index.php?rest_route=\/wp\/v2\/types\/page"}],"author":[{"embeddable":true,"href":"https:\/\/cercleaveniretprogres.org\/index.php?rest_route=\/wp\/v2\/users\/1"}],"replies":[{"embeddable":true,"href":"https:\/\/cercleaveniretprogres.org\/index.php?rest_route=%2Fwp%2Fv2%2Fcomments&post=71"}],"version-history":[{"count":166,"href":"https:\/\/cercleaveniretprogres.org\/index.php?rest_route=\/wp\/v2\/pages\/71\/revisions"}],"predecessor-version":[{"id":1175,"href":"https:\/\/cercleaveniretprogres.org\/index.php?rest_route=\/wp\/v2\/pages\/71\/revisions\/1175"}],"wp:attachment":[{"href":"https:\/\/cercleaveniretprogres.org\/index.php?rest_route=%2Fwp%2Fv2%2Fmedia&parent=71"}],"curies":[{"name":"wp","href":"https:\/\/api.w.org\/{rel}","templated":true}]}}