{"id":68,"date":"2025-11-04T16:11:31","date_gmt":"2025-11-04T15:11:31","guid":{"rendered":"https:\/\/cercleaveniretprogres.org\/?page_id=68"},"modified":"2026-02-20T18:40:45","modified_gmt":"2026-02-20T17:40:45","slug":"publications-podcasts","status":"publish","type":"page","link":"https:\/\/cercleaveniretprogres.org\/?page_id=68","title":{"rendered":"Publications &#038; Podcasts"},"content":{"rendered":"\t\t<div data-elementor-type=\"wp-page\" data-elementor-id=\"68\" class=\"elementor elementor-68\" data-elementor-post-type=\"page\">\n\t\t\t\t<div class=\"elementor-element elementor-element-58325d2 e-flex e-con-boxed e-con e-parent\" data-id=\"58325d2\" data-element_type=\"container\" data-e-type=\"container\" data-settings=\"{&quot;background_background&quot;:&quot;classic&quot;}\">\n\t\t\t\t\t<div class=\"e-con-inner\">\n\t\t\t\t<div class=\"elementor-element elementor-element-302d801 elementor-widget elementor-widget-heading\" data-id=\"302d801\" data-element_type=\"widget\" data-e-type=\"widget\" data-widget_type=\"heading.default\">\n\t\t\t\t\t<h2 class=\"elementor-heading-title elementor-size-default\">Cercle Avenir &amp; Progr\u00e8s<\/h2>\t\t\t\t<\/div>\n\t\t\t\t<div class=\"elementor-element elementor-element-12d9e7e elementor-widget elementor-widget-heading\" data-id=\"12d9e7e\" data-element_type=\"widget\" data-e-type=\"widget\" data-widget_type=\"heading.default\">\n\t\t\t\t\t<h2 class=\"elementor-heading-title elementor-size-default\">PENSER - \u00c9CRIRE - FAIRE ENTENDRE LE VIVRE ENSEMBLE\n<\/h2>\t\t\t\t<\/div>\n\t\t\t\t<div class=\"elementor-element elementor-element-5c8a966 elementor-widget elementor-widget-text-editor\" data-id=\"5c8a966\" data-element_type=\"widget\" data-e-type=\"widget\" data-widget_type=\"text-editor.default\">\n\t\t\t\t\t\t\t\t\t<p><span style=\"font-weight: 400;\">Think tank citoyen, humaniste et ind\u00e9pendant, nos <\/span><b>publications et podcasts<\/b><span style=\"font-weight: 400;\"> prolongent la r\u00e9flexion collective. Ils donnent la parole \u00e0 celles et ceux qui, par la recherche, l\u2019action ou l\u2019art, \u0153uvrent \u00e0 <\/span><b>refonder le vivre-ensemble<\/b><span style=\"font-weight: 400;\">.<\/span><\/p>\t\t\t\t\t\t\t\t<\/div>\n\t\t\t\t\t<\/div>\n\t\t\t\t<\/div>\n\t\t<div class=\"elementor-element elementor-element-82fcd53 e-flex e-con-boxed e-con e-parent\" data-id=\"82fcd53\" data-element_type=\"container\" data-e-type=\"container\" data-settings=\"{&quot;background_background&quot;:&quot;classic&quot;}\">\n\t\t\t\t\t<div class=\"e-con-inner\">\n\t\t<div class=\"elementor-element elementor-element-e138bb1 e-con-full e-flex e-con e-child\" data-id=\"e138bb1\" data-element_type=\"container\" data-e-type=\"container\" data-settings=\"{&quot;background_background&quot;:&quot;classic&quot;}\">\n\t\t\t\t<div class=\"elementor-element elementor-element-cc4c175 elementor-widget elementor-widget-heading\" data-id=\"cc4c175\" data-element_type=\"widget\" data-e-type=\"widget\" data-widget_type=\"heading.default\">\n\t\t\t\t\t<h2 class=\"elementor-heading-title elementor-size-default\">Nos podcasts<\/h2>\t\t\t\t<\/div>\n\t\t\t\t<div class=\"elementor-element elementor-element-3d01276 elementor-widget elementor-widget-heading\" data-id=\"3d01276\" data-element_type=\"widget\" data-e-type=\"widget\" data-widget_type=\"heading.default\">\n\t\t\t\t\t<h2 class=\"elementor-heading-title elementor-size-default\">Quand la pens\u00e9e devient parole\n<\/h2>\t\t\t\t<\/div>\n\t\t\t\t<div class=\"elementor-element elementor-element-c85209c elementor-widget elementor-widget-text-editor\" data-id=\"c85209c\" data-element_type=\"widget\" data-e-type=\"widget\" data-widget_type=\"text-editor.default\">\n\t\t\t\t\t\t\t\t\t<p><span style=\"font-weight: 400;\">Le podcast de CAP donne la parole \u00e0 des\u00a0<\/span><b>acteurs du changement<\/b><span style=\"font-weight: 400;\">, chercheurs, artistes, \u00e9conomistes, \u00e9lus, enseignants, citoyens engag\u00e9s.<\/span><\/p><p><span style=\"font-weight: 400;\">Chaque \u00e9pisode explore un\u00a0<\/span><b>sujet cl\u00e9<\/b><span style=\"font-weight: 400;\">, avec une tonalit\u00e9\u00a0<\/span><b>libre et accessible<\/b><span style=\"font-weight: 400;\">, au croisement de la\u00a0<\/span><b>recherche<\/b><span style=\"font-weight: 400;\">\u00a0et de\u00a0<\/span><b>l\u2019action<\/b><span style=\"font-weight: 400;\">.<\/span><\/p>\t\t\t\t\t\t\t\t<\/div>\n\t\t\t\t<div class=\"elementor-element elementor-element-611ac3e elementor-widget__width-initial elementor-widget elementor-widget-video\" data-id=\"611ac3e\" data-element_type=\"widget\" data-e-type=\"widget\" data-settings=\"{&quot;video_type&quot;:&quot;hosted&quot;,&quot;controls&quot;:&quot;yes&quot;}\" data-widget_type=\"video.default\">\n\t\t\t\t\t\t\t<div class=\"e-hosted-video elementor-wrapper elementor-open-inline\">\n\t\t\t\t\t<video class=\"elementor-video\" src=\"https:\/\/cercleaveniretprogres.org\/wp-content\/uploads\/2025\/12\/Vivre-Ensemble-Podcast-CAP.mp4\" controls=\"\" preload=\"metadata\" controlsList=\"nodownload\"><\/video>\n\t\t\t\t<\/div>\n\t\t\t\t\t\t<\/div>\n\t\t\t\t<\/div>\n\t\t<div class=\"elementor-element elementor-element-11a08c2 e-con-full e-flex e-con e-child\" data-id=\"11a08c2\" data-element_type=\"container\" data-e-type=\"container\" id=\"nospublications\" data-settings=\"{&quot;background_background&quot;:&quot;classic&quot;}\">\n\t\t\t\t<div class=\"elementor-element elementor-element-d39d5c1 elementor-widget elementor-widget-heading\" data-id=\"d39d5c1\" data-element_type=\"widget\" data-e-type=\"widget\" data-widget_type=\"heading.default\">\n\t\t\t\t\t<h2 class=\"elementor-heading-title elementor-size-default\">Nos publications<\/h2>\t\t\t\t<\/div>\n\t\t\t\t<div class=\"elementor-element elementor-element-ffe8ba7 elementor-widget elementor-widget-text-editor\" data-id=\"ffe8ba7\" data-element_type=\"widget\" data-e-type=\"widget\" data-widget_type=\"text-editor.default\">\n\t\t\t\t\t\t\t\t\t<p><b>Analyses citoyennes<\/b><\/p><p><span style=\"font-weight: 400;\">Les notes et rapports de CAP constituent le\u00a0<\/span><b>socle de sa production intellectuelle<\/b><span style=\"font-weight: 400;\">.<\/span><span style=\"font-weight: 400;\"><br \/><\/span><span style=\"font-weight: 400;\">Ils traduisent les travaux des groupes de r\u00e9flexion en\u00a0<\/span><b>propositions concr\u00e8tes et argument\u00e9es<\/b><span style=\"font-weight: 400;\">\u00a0pour \u00e9clairer l\u2019action publique.<\/span><\/p><p><b>Formats<\/b><span style=\"font-weight: 400;\">\u00a0: notes de synth\u00e8se, \u00e9tudes de fond, tribunes citoyennes.<\/span><\/p>\t\t\t\t\t\t\t\t<\/div>\n\t\t<div class=\"elementor-element elementor-element-21b7854 e-con-full e-flex e-con e-child\" data-id=\"21b7854\" data-element_type=\"container\" data-e-type=\"container\">\n\t\t\t\t<div class=\"elementor-element elementor-element-37c3214 elementor-widget elementor-widget-n-accordion\" data-id=\"37c3214\" data-element_type=\"widget\" data-e-type=\"widget\" id=\"syntheses\" data-settings=\"{&quot;max_items_expended&quot;:&quot;multiple&quot;,&quot;default_state&quot;:&quot;expanded&quot;,&quot;n_accordion_animation_duration&quot;:{&quot;unit&quot;:&quot;ms&quot;,&quot;size&quot;:400,&quot;sizes&quot;:[]}}\" data-widget_type=\"nested-accordion.default\">\n\t\t\t\t\t\t\t<div class=\"e-n-accordion\" aria-label=\"Accordion. Open links with Enter or Space, close with Escape, and navigate with Arrow Keys\">\n\t\t\t\t\t\t<details id=\"synthese\" class=\"e-n-accordion-item\" open>\n\t\t\t\t<summary class=\"e-n-accordion-item-title\" data-accordion-index=\"1\" tabindex=\"0\" aria-expanded=\"true\" aria-controls=\"synthese\" >\n\t\t\t\t\t<span class='e-n-accordion-item-title-header'><div class=\"e-n-accordion-item-title-text\"> SYNTH\u00c8SES <\/div><\/span>\n\t\t\t\t\t\t\t<span class='e-n-accordion-item-title-icon'>\n\t\t\t<span class='e-opened' ><svg aria-hidden=\"true\" class=\"e-font-icon-svg e-fas-minus\" viewBox=\"0 0 448 512\" xmlns=\"http:\/\/www.w3.org\/2000\/svg\"><path d=\"M416 208H32c-17.67 0-32 14.33-32 32v32c0 17.67 14.33 32 32 32h384c17.67 0 32-14.33 32-32v-32c0-17.67-14.33-32-32-32z\"><\/path><\/svg><\/span>\n\t\t\t<span class='e-closed'><svg aria-hidden=\"true\" class=\"e-font-icon-svg e-fas-plus\" viewBox=\"0 0 448 512\" xmlns=\"http:\/\/www.w3.org\/2000\/svg\"><path d=\"M416 208H272V64c0-17.67-14.33-32-32-32h-32c-17.67 0-32 14.33-32 32v144H32c-17.67 0-32 14.33-32 32v32c0 17.67 14.33 32 32 32h144v144c0 17.67 14.33 32 32 32h32c17.67 0 32-14.33 32-32V304h144c17.67 0 32-14.33 32-32v-32c0-17.67-14.33-32-32-32z\"><\/path><\/svg><\/span>\n\t\t<\/span>\n\n\t\t\t\t\t\t<\/summary>\n\t\t\t\t<div role=\"region\" aria-labelledby=\"synthese\" class=\"elementor-element elementor-element-8fd9282 e-con-full e-flex e-con e-child\" data-id=\"8fd9282\" data-element_type=\"container\" data-e-type=\"container\">\n\t\t\t\t<div class=\"elementor-element elementor-element-e6bdd3f elementor-widget elementor-widget-text-editor\" data-id=\"e6bdd3f\" data-element_type=\"widget\" data-e-type=\"widget\" data-widget_type=\"text-editor.default\">\n\t\t\t\t\t\t\t\t\t<ul><li><span style=\"text-decoration: underline;\"><strong><a href=\"https:\/\/cercleaveniretprogres.org\/wp-content\/uploads\/2026\/01\/VD-2026-01-15-SYNTHESE-RAPPORT-CAP-SUR-LE-LOGEMENT.docx.pdf?attachment_id=1119\">Synth\u00e8se logement par Michel RUIMY (janvier 2026)<\/a><\/strong><\/span><\/li><li><span style=\"text-decoration: underline;\"><strong><a href=\"https:\/\/cercleaveniretprogres.org\/wp-content\/uploads\/2026\/02\/Synthe%CC%80se-logement-a%CC%80-Paris-Rapporteure-Viviane-MEYER.pdf\">Synth\u00e8se logement \u00e0 Paris par Viviane MEYER (janvier 2026)<\/a><\/strong><\/span><\/li><li><span style=\"text-decoration: underline;\"><strong><a href=\"https:\/\/cercleaveniretprogres.org\/wp-content\/uploads\/2026\/02\/Synthe\u0300se-des-travaux-de-la-Commission-Logement.-Rapporteur-Michel-RUIMY.pdf\">Synth\u00e8se logement par Michel RUIMY ( f\u00e9vrier 2026)<\/a><\/strong><\/span><\/li><\/ul>\t\t\t\t\t\t\t\t<\/div>\n\t\t\t\t<\/div>\n\t\t\t\t\t<\/details>\n\t\t\t\t\t\t<details id=\"e-n-accordion-item-5841\" class=\"e-n-accordion-item\" >\n\t\t\t\t<summary class=\"e-n-accordion-item-title\" data-accordion-index=\"2\" tabindex=\"-1\" aria-expanded=\"false\" aria-controls=\"e-n-accordion-item-5841\" >\n\t\t\t\t\t<span class='e-n-accordion-item-title-header'><div class=\"e-n-accordion-item-title-text\"> TRIBUNES <\/div><\/span>\n\t\t\t\t\t\t\t<span class='e-n-accordion-item-title-icon'>\n\t\t\t<span class='e-opened' ><svg aria-hidden=\"true\" class=\"e-font-icon-svg e-fas-minus\" viewBox=\"0 0 448 512\" xmlns=\"http:\/\/www.w3.org\/2000\/svg\"><path d=\"M416 208H32c-17.67 0-32 14.33-32 32v32c0 17.67 14.33 32 32 32h384c17.67 0 32-14.33 32-32v-32c0-17.67-14.33-32-32-32z\"><\/path><\/svg><\/span>\n\t\t\t<span class='e-closed'><svg aria-hidden=\"true\" class=\"e-font-icon-svg e-fas-plus\" viewBox=\"0 0 448 512\" xmlns=\"http:\/\/www.w3.org\/2000\/svg\"><path d=\"M416 208H272V64c0-17.67-14.33-32-32-32h-32c-17.67 0-32 14.33-32 32v144H32c-17.67 0-32 14.33-32 32v32c0 17.67 14.33 32 32 32h144v144c0 17.67 14.33 32 32 32h32c17.67 0 32-14.33 32-32V304h144c17.67 0 32-14.33 32-32v-32c0-17.67-14.33-32-32-32z\"><\/path><\/svg><\/span>\n\t\t<\/span>\n\n\t\t\t\t\t\t<\/summary>\n\t\t\t\t<div role=\"region\" aria-labelledby=\"e-n-accordion-item-5841\" class=\"elementor-element elementor-element-454bba6 e-con-full e-flex e-con e-child\" data-id=\"454bba6\" data-element_type=\"container\" data-e-type=\"container\">\n\t\t\t\t<div class=\"elementor-element elementor-element-1a30c0d elementor-widget elementor-widget-text-editor\" data-id=\"1a30c0d\" data-element_type=\"widget\" data-e-type=\"widget\" data-widget_type=\"text-editor.default\">\n\t\t\t\t\t\t\t\t\t<ul><li><a class=\"r23-r default-button\" href=\"https:\/\/cercleaveniretprogres.org\/wp-content\/uploads\/2026\/02\/Tribune-Haut-Commissariat-Diversite%CC%81-Diasporas-Newsletter-2.pdf\" target=\"_blank\" rel=\"noopener\" data-btn=\"6\"><span id=\"isPasted\"><strong>Haut-Commissariat diversit\u00e9 et diasporas <\/strong><\/span><\/a><\/li><li><a class=\"r23-r default-button\" href=\"https:\/\/cercleaveniretprogres.org\/wp-content\/uploads\/2026\/02\/Tribune-Ecole-et-transmission-re\u0301publicaine-Newsletter-2.pdf\" target=\"_blank\" rel=\"noopener\" data-btn=\"6\"><span id=\"isPasted\"><strong>\u00c9cole et transmission re\u0301publicaine<\/strong><\/span><\/a><\/li><\/ul>\t\t\t\t\t\t\t\t<\/div>\n\t\t\t\t<\/div>\n\t\t\t\t\t<\/details>\n\t\t\t\t\t\t<details id=\"e-n-accordion-item-5842\" class=\"e-n-accordion-item\" >\n\t\t\t\t<summary class=\"e-n-accordion-item-title\" data-accordion-index=\"3\" tabindex=\"-1\" aria-expanded=\"false\" aria-controls=\"e-n-accordion-item-5842\" >\n\t\t\t\t\t<span class='e-n-accordion-item-title-header'><div class=\"e-n-accordion-item-title-text\"> RAPPORTS <\/div><\/span>\n\t\t\t\t\t\t\t<span class='e-n-accordion-item-title-icon'>\n\t\t\t<span class='e-opened' ><svg aria-hidden=\"true\" class=\"e-font-icon-svg e-fas-minus\" viewBox=\"0 0 448 512\" xmlns=\"http:\/\/www.w3.org\/2000\/svg\"><path d=\"M416 208H32c-17.67 0-32 14.33-32 32v32c0 17.67 14.33 32 32 32h384c17.67 0 32-14.33 32-32v-32c0-17.67-14.33-32-32-32z\"><\/path><\/svg><\/span>\n\t\t\t<span class='e-closed'><svg aria-hidden=\"true\" class=\"e-font-icon-svg e-fas-plus\" viewBox=\"0 0 448 512\" xmlns=\"http:\/\/www.w3.org\/2000\/svg\"><path d=\"M416 208H272V64c0-17.67-14.33-32-32-32h-32c-17.67 0-32 14.33-32 32v144H32c-17.67 0-32 14.33-32 32v32c0 17.67 14.33 32 32 32h144v144c0 17.67 14.33 32 32 32h32c17.67 0 32-14.33 32-32V304h144c17.67 0 32-14.33 32-32v-32c0-17.67-14.33-32-32-32z\"><\/path><\/svg><\/span>\n\t\t<\/span>\n\n\t\t\t\t\t\t<\/summary>\n\t\t\t\t<div role=\"region\" aria-labelledby=\"e-n-accordion-item-5842\" class=\"elementor-element elementor-element-0ada886 e-con-full e-flex e-con e-child\" data-id=\"0ada886\" data-element_type=\"container\" data-e-type=\"container\">\n\t\t\t\t<div class=\"elementor-element elementor-element-8dba0b1 elementor-widget elementor-widget-text-editor\" data-id=\"8dba0b1\" data-element_type=\"widget\" data-e-type=\"widget\" data-widget_type=\"text-editor.default\">\n\t\t\t\t\t\t\t\t\t<ul><li><a class=\"r23-r default-button\" href=\"https:\/\/cercleaveniretprogres.org\/wp-content\/uploads\/2026\/02\/Violence-des-Mineurs-et-Vivre-Ensemble.pdf\" target=\"_blank\" rel=\"noopener\" data-btn=\"6\"><span id=\"isPasted\"><strong>Violence des mineurs et vivre ensemble (f\u00e9vrier 2026)<\/strong><\/span><\/a><\/li><\/ul>\t\t\t\t\t\t\t\t<\/div>\n\t\t\t\t<\/div>\n\t\t\t\t\t<\/details>\n\t\t\t\t\t<\/div>\n\t\t\t\t\t\t<\/div>\n\t\t\t\t<\/div>\n\t\t\t\t<\/div>\n\t\t<div class=\"elementor-element elementor-element-c37a03d e-con-full e-flex e-con e-child\" data-id=\"c37a03d\" data-element_type=\"container\" data-e-type=\"container\" data-settings=\"{&quot;background_background&quot;:&quot;classic&quot;}\">\n\t\t\t\t<div class=\"elementor-element elementor-element-0553687 elementor-widget elementor-widget-heading\" data-id=\"0553687\" data-element_type=\"widget\" data-e-type=\"widget\" data-widget_type=\"heading.default\">\n\t\t\t\t\t<h2 class=\"elementor-heading-title elementor-size-default\">Notre newsletter<\/h2>\t\t\t\t<\/div>\n\t\t\t\t<div class=\"elementor-element elementor-element-194177b elementor-widget elementor-widget-text-editor\" data-id=\"194177b\" data-element_type=\"widget\" data-e-type=\"widget\" data-widget_type=\"text-editor.default\">\n\t\t\t\t\t\t\t\t\t<p><span style=\"font-weight: 400;\">En vous abonnant, vous suivez l\u2019avanc\u00e9e des\u00a0<\/span><b>groupes de travail<\/b><span style=\"font-weight: 400;\">, des\u00a0<\/span><b>analyses<\/b><span style=\"font-weight: 400;\">, des\u00a0<\/span><b>rencontres<\/b><span style=\"font-weight: 400;\">\u00a0et des initiatives de CAP.<\/span><\/p><p><span style=\"font-weight: 400;\">Un rendez-vous r\u00e9gulier pour\u00a0<\/span><b>comprendre<\/b><span style=\"font-weight: 400;\">,\u00a0<\/span><b>r\u00e9fl\u00e9chir<\/b><span style=\"font-weight: 400;\">\u00a0et\u00a0<\/span><b>contribuer \u00e0 faire soci\u00e9t\u00e9<\/b><span style=\"font-weight: 400;\">.<\/span><\/p>\t\t\t\t\t\t\t\t<\/div>\n\t\t\t\t<div class=\"elementor-element elementor-element-84e2211 elementor-widget__width-auto elementor-widget elementor-widget-button\" data-id=\"84e2211\" data-element_type=\"widget\" data-e-type=\"widget\" data-widget_type=\"button.default\">\n\t\t\t\t\t\t\t\t\t\t<a class=\"elementor-button elementor-button-link elementor-size-sm\" href=\"https:\/\/cercleaveniretprogres.org\/?page_id=1125\">\n\t\t\t\t\t\t<span class=\"elementor-button-content-wrapper\">\n\t\t\t\t\t\t\t\t\t<span class=\"elementor-button-text\">Je m'abonne<\/span>\n\t\t\t\t\t<\/span>\n\t\t\t\t\t<\/a>\n\t\t\t\t\t\t\t\t<\/div>\n\t\t\t\t<div class=\"elementor-element elementor-element-7ee5d11 elementor-widget elementor-widget-text-editor\" data-id=\"7ee5d11\" data-element_type=\"widget\" data-e-type=\"widget\" data-widget_type=\"text-editor.default\">\n\t\t\t\t\t\t\t\t\t<p><b>Abonnement gratuit et s\u00e9curis\u00e9 <\/b><\/p>\t\t\t\t\t\t\t\t<\/div>\n\t\t\t\t<\/div>\n\t\t\t\t\t<\/div>\n\t\t\t\t<\/div>\n\t\t<div class=\"elementor-element elementor-element-016b5e6 e-flex e-con-boxed e-con e-parent\" data-id=\"016b5e6\" data-element_type=\"container\" data-e-type=\"container\" data-settings=\"{&quot;background_background&quot;:&quot;classic&quot;}\">\n\t\t\t\t\t<div class=\"e-con-inner\">\n\t\t<div class=\"elementor-element elementor-element-ff62e09 e-con-full e-flex e-con e-child\" data-id=\"ff62e09\" data-element_type=\"container\" data-e-type=\"container\" data-settings=\"{&quot;background_background&quot;:&quot;classic&quot;}\">\n\t\t<div class=\"elementor-element elementor-element-f60fd41 e-con-full e-flex e-con e-child\" data-id=\"f60fd41\" data-element_type=\"container\" data-e-type=\"container\">\n\t\t\t\t<div class=\"elementor-element elementor-element-b2209f7 elementor-widget elementor-widget-heading\" data-id=\"b2209f7\" data-element_type=\"widget\" data-e-type=\"widget\" data-widget_type=\"heading.default\">\n\t\t\t\t\t<h2 class=\"elementor-heading-title elementor-size-default\">Appel \u00e0 contribution<\/h2>\t\t\t\t<\/div>\n\t\t\t\t<div class=\"elementor-element elementor-element-fa07d77 elementor-widget elementor-widget-text-editor\" data-id=\"fa07d77\" data-element_type=\"widget\" data-e-type=\"widget\" data-widget_type=\"text-editor.default\">\n\t\t\t\t\t\t\t\t\t<p><b>Vous souhaitez publier une tribune ou participer \u00e0 un podcast ?<\/b><\/p><p><span style=\"font-weight: 400;\"><br \/><\/span><span style=\"font-weight: 400;\">CAP encourage les contributions citoyennes. Chercheurs, \u00e9tudiants, journalistes ou acteurs associatifs peuvent proposer une note, un article ou une intervention audio.<\/span><\/p>\t\t\t\t\t\t\t\t<\/div>\n\t\t\t\t<div class=\"elementor-element elementor-element-3ba4c4a elementor-widget__width-auto elementor-widget elementor-widget-button\" data-id=\"3ba4c4a\" data-element_type=\"widget\" data-e-type=\"widget\" data-widget_type=\"button.default\">\n\t\t\t\t\t\t\t\t\t\t<a class=\"elementor-button elementor-button-link elementor-size-sm\" href=\"https:\/\/cercleaveniretprogres.org\/?page_id=960\">\n\t\t\t\t\t\t<span class=\"elementor-button-content-wrapper\">\n\t\t\t\t\t\t\t\t\t<span class=\"elementor-button-text\">Soumettre une contribution<\/span>\n\t\t\t\t\t<\/span>\n\t\t\t\t\t<\/a>\n\t\t\t\t\t\t\t\t<\/div>\n\t\t\t\t<\/div>\n\t\t\t\t<\/div>\n\t\t\t\t\t<\/div>\n\t\t\t\t<\/div>\n\t\t\t\t<\/div>\n\t\t","protected":false},"excerpt":{"rendered":"<p>Cercle Avenir &amp; Progr\u00e8s PENSER &#8211; \u00c9CRIRE &#8211; FAIRE ENTENDRE LE VIVRE ENSEMBLE Think tank citoyen, humaniste et ind\u00e9pendant, nos publications et podcasts prolongent la r\u00e9flexion collective. Ils donnent la parole \u00e0 celles et ceux qui, par la recherche, l\u2019action ou l\u2019art, \u0153uvrent \u00e0 refonder le vivre-ensemble. Nos podcasts Quand la pens\u00e9e devient parole Le [&hellip;]<\/p>\n","protected":false},"author":1,"featured_media":0,"parent":0,"menu_order":0,"comment_status":"closed","ping_status":"closed","template":"","meta":{"footnotes":""},"class_list":["post-68","page","type-page","status-publish","hentry"],"_links":{"self":[{"href":"https:\/\/cercleaveniretprogres.org\/index.php?rest_route=\/wp\/v2\/pages\/68","targetHints":{"allow":["GET"]}}],"collection":[{"href":"https:\/\/cercleaveniretprogres.org\/index.php?rest_route=\/wp\/v2\/pages"}],"about":[{"href":"https:\/\/cercleaveniretprogres.org\/index.php?rest_route=\/wp\/v2\/types\/page"}],"author":[{"embeddable":true,"href":"https:\/\/cercleaveniretprogres.org\/index.php?rest_route=\/wp\/v2\/users\/1"}],"replies":[{"embeddable":true,"href":"https:\/\/cercleaveniretprogres.org\/index.php?rest_route=%2Fwp%2Fv2%2Fcomments&post=68"}],"version-history":[{"count":133,"href":"https:\/\/cercleaveniretprogres.org\/index.php?rest_route=\/wp\/v2\/pages\/68\/revisions"}],"predecessor-version":[{"id":1218,"href":"https:\/\/cercleaveniretprogres.org\/index.php?rest_route=\/wp\/v2\/pages\/68\/revisions\/1218"}],"wp:attachment":[{"href":"https:\/\/cercleaveniretprogres.org\/index.php?rest_route=%2Fwp%2Fv2%2Fmedia&parent=68"}],"curies":[{"name":"wp","href":"https:\/\/api.w.org\/{rel}","templated":true}]}}